{"id":1631,"date":"2021-05-12T16:40:28","date_gmt":"2021-05-12T14:40:28","guid":{"rendered":"https:\/\/www.pefc.ch\/pour-les-proprietaires-forestiers\/waldstandard\/"},"modified":"2024-01-31T11:13:30","modified_gmt":"2024-01-31T10:13:30","slug":"standard-de-gestion-forestiere-durable","status":"publish","type":"page","link":"https:\/\/www.pefc.ch\/fr\/pour-les-proprietaires-forestiers\/standard-de-gestion-forestiere-durable\/","title":{"rendered":"Standard de gestion foresti\u00e8re durable"},"content":{"rendered":"\n<div class=\"wp-block-columns is-layout-flex wp-container-core-columns-is-layout-9d6595d7 wp-block-columns-is-layout-flex\">\n<div class=\"wp-block-column is-layout-flow wp-block-column-is-layout-flow\"><\/div>\n<\/div>\n","protected":false},"excerpt":{"rendered":"<p>Die nachhaltige Waldbewirtschaftung in der Schweiz erfolgt in einer Weise, welche die biologische Vielfalt, die Produktivit\u00e4t, die Verj\u00fcngungsf\u00e4higkeit, die Vitalit\u00e4t und die F\u00e4higkeit, gegenw\u00e4rtig und in Zukunft wichtige \u00f6kologische, wirtschaftliche und soziale Funktionen auf lokaler und nationaler Ebene zu erf\u00fcllen, erh\u00e4lt und anderen \u00d6kosystemen keinen Sch\u00e4den zuf\u00fcgt (Definition der Ministerschutzkonferenz der W\u00e4lder in Europa).<\/p>\n","protected":false},"author":1,"featured_media":0,"parent":1618,"menu_order":0,"comment_status":"closed","ping_status":"closed","template":"","meta":{"_eb_attr":"","inline_featured_image":false,"footnotes":"","_links_to":"","_links_to_target":""},"class_list":["post-1631","page","type-page","status-publish","hentry"],"aioseo_notices":[],"_links":{"self":[{"href":"https:\/\/www.pefc.ch\/fr\/wp-json\/wp\/v2\/pages\/1631","targetHints":{"allow":["GET"]}}],"collection":[{"href":"https:\/\/www.pefc.ch\/fr\/wp-json\/wp\/v2\/pages"}],"about":[{"href":"https:\/\/www.pefc.ch\/fr\/wp-json\/wp\/v2\/types\/page"}],"author":[{"embeddable":true,"href":"https:\/\/www.pefc.ch\/fr\/wp-json\/wp\/v2\/users\/1"}],"replies":[{"embeddable":true,"href":"https:\/\/www.pefc.ch\/fr\/wp-json\/wp\/v2\/comments?post=1631"}],"version-history":[{"count":1,"href":"https:\/\/www.pefc.ch\/fr\/wp-json\/wp\/v2\/pages\/1631\/revisions"}],"predecessor-version":[{"id":1633,"href":"https:\/\/www.pefc.ch\/fr\/wp-json\/wp\/v2\/pages\/1631\/revisions\/1633"}],"up":[{"embeddable":true,"href":"https:\/\/www.pefc.ch\/fr\/wp-json\/wp\/v2\/pages\/1618"}],"wp:attachment":[{"href":"https:\/\/www.pefc.ch\/fr\/wp-json\/wp\/v2\/media?parent=1631"}],"curies":[{"name":"wp","href":"https:\/\/api.w.org\/{rel}","templated":true}]}}